{"id":968,"date":"2025-06-27T10:37:48","date_gmt":"2025-06-27T08:37:48","guid":{"rendered":"https:\/\/greenzone.se\/program-for-the-reopening-on-september-4th\/"},"modified":"2025-10-01T16:48:22","modified_gmt":"2025-10-01T14:48:22","slug":"program-for-the-reopening-on-september-4th","status":"publish","type":"page","link":"https:\/\/greenzone.se\/en\/program-for-the-reopening-on-september-4th\/","title":{"rendered":"Program for the reopening on September 4th"},"content":{"rendered":"\t\t<div data-elementor-type=\"wp-page\" data-elementor-id=\"968\" class=\"elementor elementor-968 elementor-810\" data-elementor-post-type=\"page\">\n\t\t\t\t\t\t<section class=\"ob-is-breaking-bad elementor-section elementor-top-section elementor-element elementor-element-528ecee2 elementor-section-boxed elementor-section-height-default elementor-section-height-default\" data-id=\"528ecee2\" data-element_type=\"section\" data-settings=\"{&quot;background_background&quot;:&quot;classic&quot;,&quot;_ob_bbad_use_it&quot;:&quot;yes&quot;,&quot;_ob_bbad_sssic_use&quot;:&quot;no&quot;,&quot;_ob_glider_is_slider&quot;:&quot;no&quot;}\">\n\t\t\t\t\t\t\t<div class=\"elementor-background-overlay\"><\/div>\n\t\t\t\t\t\t\t<div class=\"elementor-container elementor-column-gap-default\">\n\t\t\t\t\t<div class=\"elementor-column elementor-col-100 elementor-top-column elementor-element elementor-element-22b158a7\" data-id=\"22b158a7\" data-element_type=\"column\" data-settings=\"{&quot;_ob_bbad_is_stalker&quot;:&quot;no&quot;,&quot;_ob_teleporter_use&quot;:false,&quot;_ob_column_hoveranimator&quot;:&quot;no&quot;,&quot;_ob_column_has_pseudo&quot;:&quot;no&quot;}\">\n\t\t\t<div class=\"elementor-widget-wrap elementor-element-populated\">\n\t\t\t\t\t\t<div class=\"elementor-element elementor-element-2f79b89c ob-harakiri-inherit ob-has-background-overlay elementor-widget elementor-widget-heading\" data-id=\"2f79b89c\" data-element_type=\"widget\" data-settings=\"{&quot;_ob_use_harakiri&quot;:&quot;yes&quot;,&quot;_ob_harakiri_writing_mode&quot;:&quot;inherit&quot;,&quot;_ob_harakiri_text_clip&quot;:&quot;none&quot;,&quot;_ob_perspektive_use&quot;:&quot;no&quot;,&quot;_ob_poopart_use&quot;:&quot;yes&quot;,&quot;_ob_shadough_use&quot;:&quot;no&quot;,&quot;_ob_allow_hoveranimator&quot;:&quot;no&quot;,&quot;_ob_widget_stalker_use&quot;:&quot;no&quot;}\" data-widget_type=\"heading.default\">\n\t\t\t\t<div class=\"elementor-widget-container\">\n\t\t\t\t\t<h1 class=\"elementor-heading-title elementor-size-default\">Program for the reopening on September 4th  \n<\/h1>\t\t\t\t<\/div>\n\t\t\t\t<\/div>\n\t\t\t\t\t<\/div>\n\t\t<\/div>\n\t\t\t\t\t<\/div>\n\t\t<\/section>\n\t\t\t\t<section class=\"ob-is-breaking-bad elementor-section elementor-top-section elementor-element elementor-element-2aa765b1 elementor-section-boxed elementor-section-height-default elementor-section-height-default\" data-id=\"2aa765b1\" data-element_type=\"section\" id=\"om-greenzone\" data-settings=\"{&quot;_ob_bbad_use_it&quot;:&quot;yes&quot;,&quot;_ob_bbad_sssic_use&quot;:&quot;no&quot;,&quot;_ob_glider_is_slider&quot;:&quot;no&quot;}\">\n\t\t\t\t\t\t<div class=\"elementor-container elementor-column-gap-default\">\n\t\t\t\t\t<div class=\"elementor-column elementor-col-100 elementor-top-column elementor-element elementor-element-5e103211\" data-id=\"5e103211\" data-element_type=\"column\" data-settings=\"{&quot;_ob_bbad_is_stalker&quot;:&quot;no&quot;,&quot;_ob_teleporter_use&quot;:false,&quot;_ob_column_hoveranimator&quot;:&quot;no&quot;,&quot;_ob_column_has_pseudo&quot;:&quot;no&quot;}\">\n\t\t\t<div class=\"elementor-widget-wrap elementor-element-populated\">\n\t\t\t\t\t\t<section class=\"ob-is-breaking-bad ob-bb-inner elementor-section elementor-inner-section elementor-element elementor-element-23a36686 elementor-section-boxed elementor-section-height-default elementor-section-height-default\" data-id=\"23a36686\" data-element_type=\"section\" data-settings=\"{&quot;_ob_bbad_use_it&quot;:&quot;yes&quot;,&quot;_ob_bbad_sssic_use&quot;:&quot;no&quot;,&quot;_ob_glider_is_slider&quot;:&quot;no&quot;}\">\n\t\t\t\t\t\t<div class=\"elementor-container elementor-column-gap-default\">\n\t\t\t\t\t<div class=\"elementor-column elementor-col-100 elementor-inner-column elementor-element elementor-element-23582c87\" data-id=\"23582c87\" data-element_type=\"column\" data-settings=\"{&quot;_ob_bbad_is_stalker&quot;:&quot;no&quot;,&quot;_ob_teleporter_use&quot;:false,&quot;_ob_column_hoveranimator&quot;:&quot;no&quot;,&quot;_ob_column_has_pseudo&quot;:&quot;no&quot;}\">\n\t\t\t<div class=\"elementor-widget-wrap elementor-element-populated\">\n\t\t\t\t\t\t<div class=\"elementor-element elementor-element-71e1824d ob-harakiri-inherit ob-has-background-overlay elementor-widget elementor-widget-text-editor\" data-id=\"71e1824d\" data-element_type=\"widget\" data-settings=\"{&quot;_ob_use_harakiri&quot;:&quot;yes&quot;,&quot;_ob_harakiri_writing_mode&quot;:&quot;inherit&quot;,&quot;_ob_postman_use&quot;:&quot;no&quot;,&quot;_ob_perspektive_use&quot;:&quot;no&quot;,&quot;_ob_poopart_use&quot;:&quot;yes&quot;,&quot;_ob_shadough_use&quot;:&quot;no&quot;,&quot;_ob_allow_hoveranimator&quot;:&quot;no&quot;,&quot;_ob_widget_stalker_use&quot;:&quot;no&quot;}\" data-widget_type=\"text-editor.default\">\n\t\t\t\t<div class=\"elementor-widget-container\">\n\t\t\t\t\t\t\t\t\t<b>Program for the <\/b><b>re-inauguration on September 4th.\n<\/b><p>Email <a href=\"mailto:greenzone@ecosystem.se\">greenzone@ecosystem.se<\/a> for a personalized invitation.<\/p>\n<table cellspacing=\"0\" cellpadding=\"8\" style=\"border-collapse:collapse; border:none; background:transparent; width:100%;\">\n  <thead>\n    <tr style=\"background:transparent; color:inherit;\">\n      <th style=\"text-align:left; border:none; padding:8px;\">Time<\/th>\n      <th style=\"text-align:left; border:none; padding:8px;\">Program<\/th>\n    <\/tr>\n  <\/thead>\n  <tbody>\n    <tr>\n      <td style=\"border:none; padding:8px;\">09.30<\/td>\n      <td style=\"border:none; padding:8px;\">Coffee and mingle<\/td>\n    <\/tr>\n    <tr>\n      <td style=\"border:none; padding:8px;\">10.00<\/td>\n      <td style=\"border:none; padding:8px;\">Welcome to GreenZone<br><i>Per Carstedt and today&#8217;s moderator: Sverker Olofsson<\/i><\/td>\n    <\/tr>\n    <tr>\n      <td style=\"border:none; padding:8px;\">10.15<\/td>\n      <td style=\"border:none; padding:8px;\">Is a climate neutral Ume\u00e5 2040 possible?<br><i>Mikael Br\u00e4ndstr\u00f6m, Development Director, Ume\u00e5 Municipality<\/i><\/td>\n    <\/tr>\n    <tr>\n      <td style=\"border:none; padding:8px;\">10.30<\/td>\n      <td style=\"border:none; padding:8px;\">How is Ume\u00e5 Energi working to future-proof the energy system in Ume\u00e5?<br><i>Jan Ridfeldt, CEO, Ume\u00e5 Energi<\/i><\/td>\n    <\/tr>\n    <tr>\n      <td style=\"border:none; padding:8px;\">10.45<\/td>\n      <td style=\"border:none; padding:8px;\">Break with refreshments<\/td>\n    <\/tr>\n    <tr>\n      <td style=\"border:none; padding:8px;\">11.00<\/td>\n      <td style=\"border:none; padding:8px;\">GreenZone &#8211; can it be a model for sustainable urban development?<br>      <i>Per Carstedt, Founder, GreenZone<br> Johan Fjellstr\u00f6m, Architect, Arkinova<br> Eva Henriksson, Landscape Architect, Thyr\u00e9ns<\/i>\n <\/td> \n    <\/tr>\n    <tr>\n      <td style=\"border:none; padding:8px;\">11.45<\/td>\n      <td style=\"border:none; padding:8px;\">What does it mean for a large national chain to be part of a pilot project like GreenZone?<br>      <i>McDonalds, Circle K, Chop Chop, Ryds, Besikta and D\u00e4ckpartner<\/i>\n <\/td> \n    <\/tr>\n    <tr>\n      <td style=\"border:none; padding:8px;\">12.15<\/td>\n      <td style=\"border:none; padding:8px;\">Lunchtime<\/td>\n    <\/tr>\n    <tr>\n      <td style=\"border:none; padding:8px;\">13.00<\/td>\n      <td style=\"border:none; padding:8px;\">How difficult is it to build sustainably? A builder&#8217;s perspective.<br><i>Ulrik W\u00e5llberg, CEO, Selbergs entreprenad<\/i><\/td>\n    <\/tr>\n    <tr>\n      <td style=\"border:none; padding:8px;\">13.10<\/td>\n      <td style=\"border:none; padding:8px;\">Sweden has fantastic potential to develop more clean and cheap solar energy, but we must release the handbrake.<br><i>Anna Werner, CEO, Swedish Solar Energy Association<\/i><\/td>\n    <\/tr>\n    <tr>\n      <td style=\"border:none; padding:8px;\">13.40<\/td>\n      <td style=\"border:none; padding:8px;\">Changing behavior &#8211; acceptance and norms.<br> <i>Annika Nordlund, Associate Professor, Head of Department of Psychology, Ume\u00e5 University<\/i>\n <\/td> \n    <\/tr>\n    <tr>\n      <td style=\"border:none; padding:8px;\">14.00<\/td>\n      <td style=\"border:none; padding:8px;\">Panel discussion: Why is the Swedish transition to a sustainable future moving so slowly?<br>      <i>Anna Werner, Swedish Solar Energy &#8211; Annika Nordlund, Ume\u00e5 University &#8211; Jan Ridfeldt, Ume\u00e5 Energi &#8211; Mikael Br\u00e4ndstr\u00f6m, Ume\u00e5 Municipality &#8211; Per Carstedt, GreenZone &#8211; Sara Thor, Ume\u00e5 School of Architecture<\/i>\n <\/td> \n    <\/tr>\n    <tr>\n      <td style=\"border:none; padding:8px;\">14.45<\/td>\n      <td style=\"border:none; padding:8px;\">Tour of GreenZone with architect and landscape architect for those who wish.<\/td>\n    <\/tr>\n  <\/tbody>\n<\/table>\n\t\t\t\t\t\t\t\t<\/div>\n\t\t\t\t<\/div>\n\t\t\t\t\t<\/div>\n\t\t<\/div>\n\t\t\t\t\t<\/div>\n\t\t<\/section>\n\t\t\t\t\t<\/div>\n\t\t<\/div>\n\t\t\t\t\t<\/div>\n\t\t<\/section>\n\t\t\t\t<\/div>\n\t\t","protected":false},"excerpt":{"rendered":"<p>Program for the reopening on September 4th Program for the re-inauguration on September 4th. Email greenzone@ecosystem.se for a personalized invitation. Time Program 09.30 Coffee and mingle 10.00 Welcome to GreenZonePer Carstedt and today&#8217;s moderator: Sverker Olofsson 10.15 Is a climate neutral Ume\u00e5 2040 possible?Mikael Br\u00e4ndstr\u00f6m, Development Director, Ume\u00e5 Municipality 10.30 How is Ume\u00e5 Energi working [&hellip;]<\/p>\n","protected":false},"author":3,"featured_media":0,"parent":0,"menu_order":0,"comment_status":"closed","ping_status":"closed","template":"","meta":{"footnotes":""},"class_list":["post-968","page","type-page","status-publish","hentry"],"yoast_head":"<!-- This site is optimized with the Yoast SEO plugin v26.0 - https:\/\/yoast.com\/wordpress\/plugins\/seo\/ -->\n<title>Program for the reopening on September 4th - GreenZone<\/title>\n<meta name=\"robots\" content=\"index, follow, max-snippet:-1, max-image-preview:large, max-video-preview:-1\" \/>\n<link rel=\"canonical\" href=\"https:\/\/greenzone.se\/en\/program-for-the-reopening-on-september-4th\/\" \/>\n<meta property=\"og:locale\" content=\"en_US\" \/>\n<meta property=\"og:type\" content=\"article\" \/>\n<meta property=\"og:title\" content=\"Program for the reopening on September 4th - GreenZone\" \/>\n<meta property=\"og:description\" content=\"Program for the reopening on September 4th Program for the re-inauguration on September 4th. Email greenzone@ecosystem.se for a personalized invitation. Time Program 09.30 Coffee and mingle 10.00 Welcome to GreenZonePer Carstedt and today&#8217;s moderator: Sverker Olofsson 10.15 Is a climate neutral Ume\u00e5 2040 possible?Mikael Br\u00e4ndstr\u00f6m, Development Director, Ume\u00e5 Municipality 10.30 How is Ume\u00e5 Energi working [&hellip;]\" \/>\n<meta property=\"og:url\" content=\"https:\/\/greenzone.se\/en\/program-for-the-reopening-on-september-4th\/\" \/>\n<meta property=\"og:site_name\" content=\"GreenZone\" \/>\n<meta property=\"article:modified_time\" content=\"2025-10-01T14:48:22+00:00\" \/>\n<meta name=\"twitter:card\" content=\"summary_large_image\" \/>\n<meta name=\"twitter:label1\" content=\"Est. reading time\" \/>\n\t<meta name=\"twitter:data1\" content=\"1 minute\" \/>\n<script type=\"application\/ld+json\" class=\"yoast-schema-graph\">{\"@context\":\"https:\/\/schema.org\",\"@graph\":[{\"@type\":\"WebPage\",\"@id\":\"https:\/\/greenzone.se\/en\/program-for-the-reopening-on-september-4th\/\",\"url\":\"https:\/\/greenzone.se\/en\/program-for-the-reopening-on-september-4th\/\",\"name\":\"Program for the reopening on September 4th - GreenZone\",\"isPartOf\":{\"@id\":\"https:\/\/greenzone.se\/en\/#website\"},\"datePublished\":\"2025-06-27T08:37:48+00:00\",\"dateModified\":\"2025-10-01T14:48:22+00:00\",\"breadcrumb\":{\"@id\":\"https:\/\/greenzone.se\/en\/program-for-the-reopening-on-september-4th\/#breadcrumb\"},\"inLanguage\":\"en-US\",\"potentialAction\":[{\"@type\":\"ReadAction\",\"target\":[\"https:\/\/greenzone.se\/en\/program-for-the-reopening-on-september-4th\/\"]}]},{\"@type\":\"BreadcrumbList\",\"@id\":\"https:\/\/greenzone.se\/en\/program-for-the-reopening-on-september-4th\/#breadcrumb\",\"itemListElement\":[{\"@type\":\"ListItem\",\"position\":1,\"name\":\"Hem\",\"item\":\"https:\/\/greenzone.se\/en\/a-model-for-sustainable-urban-development\/\"},{\"@type\":\"ListItem\",\"position\":2,\"name\":\"Program for the reopening on September 4th\"}]},{\"@type\":\"WebSite\",\"@id\":\"https:\/\/greenzone.se\/en\/#website\",\"url\":\"https:\/\/greenzone.se\/en\/\",\"name\":\"GreenZone\",\"description\":\"En modell f\u00f6r h\u00e5llbar stadsutveckling\",\"publisher\":{\"@id\":\"https:\/\/greenzone.se\/en\/#organization\"},\"potentialAction\":[{\"@type\":\"SearchAction\",\"target\":{\"@type\":\"EntryPoint\",\"urlTemplate\":\"https:\/\/greenzone.se\/en\/?s={search_term_string}\"},\"query-input\":{\"@type\":\"PropertyValueSpecification\",\"valueRequired\":true,\"valueName\":\"search_term_string\"}}],\"inLanguage\":\"en-US\"},{\"@type\":\"Organization\",\"@id\":\"https:\/\/greenzone.se\/en\/#organization\",\"name\":\"GreenZone\",\"url\":\"https:\/\/greenzone.se\/en\/\",\"logo\":{\"@type\":\"ImageObject\",\"inLanguage\":\"en-US\",\"@id\":\"https:\/\/greenzone.se\/en\/#\/schema\/logo\/image\/\",\"url\":\"https:\/\/greenzone.se\/wp-content\/uploads\/2022\/08\/Greenzone_enradig_neg-scaled.png\",\"contentUrl\":\"https:\/\/greenzone.se\/wp-content\/uploads\/2022\/08\/Greenzone_enradig_neg-scaled.png\",\"width\":2560,\"height\":308,\"caption\":\"GreenZone\"},\"image\":{\"@id\":\"https:\/\/greenzone.se\/en\/#\/schema\/logo\/image\/\"}}]}<\/script>\n<!-- \/ Yoast SEO plugin. -->","yoast_head_json":{"title":"Program for the reopening on September 4th - GreenZone","robots":{"index":"index","follow":"follow","max-snippet":"max-snippet:-1","max-image-preview":"max-image-preview:large","max-video-preview":"max-video-preview:-1"},"canonical":"https:\/\/greenzone.se\/en\/program-for-the-reopening-on-september-4th\/","og_locale":"en_US","og_type":"article","og_title":"Program for the reopening on September 4th - GreenZone","og_description":"Program for the reopening on September 4th Program for the re-inauguration on September 4th. Email greenzone@ecosystem.se for a personalized invitation. Time Program 09.30 Coffee and mingle 10.00 Welcome to GreenZonePer Carstedt and today&#8217;s moderator: Sverker Olofsson 10.15 Is a climate neutral Ume\u00e5 2040 possible?Mikael Br\u00e4ndstr\u00f6m, Development Director, Ume\u00e5 Municipality 10.30 How is Ume\u00e5 Energi working [&hellip;]","og_url":"https:\/\/greenzone.se\/en\/program-for-the-reopening-on-september-4th\/","og_site_name":"GreenZone","article_modified_time":"2025-10-01T14:48:22+00:00","twitter_card":"summary_large_image","twitter_misc":{"Est. reading time":"1 minute"},"schema":{"@context":"https:\/\/schema.org","@graph":[{"@type":"WebPage","@id":"https:\/\/greenzone.se\/en\/program-for-the-reopening-on-september-4th\/","url":"https:\/\/greenzone.se\/en\/program-for-the-reopening-on-september-4th\/","name":"Program for the reopening on September 4th - GreenZone","isPartOf":{"@id":"https:\/\/greenzone.se\/en\/#website"},"datePublished":"2025-06-27T08:37:48+00:00","dateModified":"2025-10-01T14:48:22+00:00","breadcrumb":{"@id":"https:\/\/greenzone.se\/en\/program-for-the-reopening-on-september-4th\/#breadcrumb"},"inLanguage":"en-US","potentialAction":[{"@type":"ReadAction","target":["https:\/\/greenzone.se\/en\/program-for-the-reopening-on-september-4th\/"]}]},{"@type":"BreadcrumbList","@id":"https:\/\/greenzone.se\/en\/program-for-the-reopening-on-september-4th\/#breadcrumb","itemListElement":[{"@type":"ListItem","position":1,"name":"Hem","item":"https:\/\/greenzone.se\/en\/a-model-for-sustainable-urban-development\/"},{"@type":"ListItem","position":2,"name":"Program for the reopening on September 4th"}]},{"@type":"WebSite","@id":"https:\/\/greenzone.se\/en\/#website","url":"https:\/\/greenzone.se\/en\/","name":"GreenZone","description":"En modell f\u00f6r h\u00e5llbar stadsutveckling","publisher":{"@id":"https:\/\/greenzone.se\/en\/#organization"},"potentialAction":[{"@type":"SearchAction","target":{"@type":"EntryPoint","urlTemplate":"https:\/\/greenzone.se\/en\/?s={search_term_string}"},"query-input":{"@type":"PropertyValueSpecification","valueRequired":true,"valueName":"search_term_string"}}],"inLanguage":"en-US"},{"@type":"Organization","@id":"https:\/\/greenzone.se\/en\/#organization","name":"GreenZone","url":"https:\/\/greenzone.se\/en\/","logo":{"@type":"ImageObject","inLanguage":"en-US","@id":"https:\/\/greenzone.se\/en\/#\/schema\/logo\/image\/","url":"https:\/\/greenzone.se\/wp-content\/uploads\/2022\/08\/Greenzone_enradig_neg-scaled.png","contentUrl":"https:\/\/greenzone.se\/wp-content\/uploads\/2022\/08\/Greenzone_enradig_neg-scaled.png","width":2560,"height":308,"caption":"GreenZone"},"image":{"@id":"https:\/\/greenzone.se\/en\/#\/schema\/logo\/image\/"}}]}},"_links":{"self":[{"href":"https:\/\/greenzone.se\/en\/wp-json\/wp\/v2\/pages\/968","targetHints":{"allow":["GET"]}}],"collection":[{"href":"https:\/\/greenzone.se\/en\/wp-json\/wp\/v2\/pages"}],"about":[{"href":"https:\/\/greenzone.se\/en\/wp-json\/wp\/v2\/types\/page"}],"author":[{"embeddable":true,"href":"https:\/\/greenzone.se\/en\/wp-json\/wp\/v2\/users\/3"}],"replies":[{"embeddable":true,"href":"https:\/\/greenzone.se\/en\/wp-json\/wp\/v2\/comments?post=968"}],"version-history":[{"count":3,"href":"https:\/\/greenzone.se\/en\/wp-json\/wp\/v2\/pages\/968\/revisions"}],"predecessor-version":[{"id":974,"href":"https:\/\/greenzone.se\/en\/wp-json\/wp\/v2\/pages\/968\/revisions\/974"}],"wp:attachment":[{"href":"https:\/\/greenzone.se\/en\/wp-json\/wp\/v2\/media?parent=968"}],"curies":[{"name":"wp","href":"https:\/\/api.w.org\/{rel}","templated":true}]}}